{"id":1045,"date":"2023-07-06T12:57:39","date_gmt":"2023-07-06T10:57:39","guid":{"rendered":"https:\/\/www.pepperellogrup.com\/proyectos\/vivienda-llubi-sebastia-perello\/"},"modified":"2023-07-25T10:58:48","modified_gmt":"2023-07-25T08:58:48","slug":"housing-llubi-sebastia-perello","status":"publish","type":"avada_portfolio","link":"https:\/\/www.pepperellogrup.com\/en\/proyectos\/housing-llubi-sebastia-perello\/","title":{"rendered":"HOUSING LLUB\u00cd SEBASTI\u00c0 PERELLO"},"content":{"rendered":"<p><div class=\"fusion-fullwidth fullwidth-box fusion-builder-row-1 fusion-flex-container has-pattern-background has-mask-background nonhundred-percent-fullwidth non-hundred-percent-height-scrolling\" style=\"--awb-border-radius-top-left:0px;--awb-border-radius-top-right:0px;--awb-border-radius-bottom-right:0px;--awb-border-radius-bottom-left:0px;--awb-flex-wrap:wrap;\" ><div class=\"fusion-builder-row fusion-row fusion-flex-align-items-flex-start fusion-flex-content-wrap\" style=\"max-width:1248px;margin-left: calc(-4% \/ 2 );margin-right: calc(-4% \/ 2 );\"><div class=\"fusion-layout-column fusion_builder_column fusion-builder-column-0 fusion_builder_column_1_3 1_3 fusion-flex-column\" style=\"--awb-bg-size:cover;--awb-width-large:33.333333333333%;--awb-margin-top-large:0px;--awb-spacing-right-large:5.76%;--awb-margin-bottom-large:20px;--awb-spacing-left-large:5.76%;--awb-width-medium:33.333333333333%;--awb-order-medium:0;--awb-spacing-right-medium:5.76%;--awb-spacing-left-medium:5.76%;--awb-width-small:100%;--awb-order-small:0;--awb-spacing-right-small:1.92%;--awb-spacing-left-small:1.92%;\"><div class=\"fusion-column-wrapper fusion-column-has-shadow fusion-flex-justify-content-flex-start fusion-content-layout-column\"><\/div><\/div><div class=\"fusion-layout-column fusion_builder_column fusion-builder-column-1 fusion_builder_column_2_3 2_3 fusion-flex-column\" style=\"--awb-bg-size:cover;--awb-width-large:66.666666666667%;--awb-margin-top-large:0px;--awb-spacing-right-large:2.88%;--awb-margin-bottom-large:20px;--awb-spacing-left-large:2.88%;--awb-width-medium:66.666666666667%;--awb-order-medium:0;--awb-spacing-right-medium:2.88%;--awb-spacing-left-medium:2.88%;--awb-width-small:100%;--awb-order-small:0;--awb-spacing-right-small:1.92%;--awb-spacing-left-small:1.92%;\"><div class=\"fusion-column-wrapper fusion-column-has-shadow fusion-flex-justify-content-flex-start fusion-content-layout-column\"><div class=\"fusion-text fusion-text-1\"><p>Renovation of a single-family house where we have given prominence to the details of mar\u00e9s of the structure of the house itself, combined with modern finishes and the opening of an interior patio that brings a lot of indirect light to the whole house.<\/p>\n<\/div><\/div><\/div><\/div><\/div><div class=\"fusion-fullwidth fullwidth-box fusion-builder-row-2 fusion-flex-container has-pattern-background has-mask-background nonhundred-percent-fullwidth non-hundred-percent-height-scrolling\" style=\"--awb-border-radius-top-left:0px;--awb-border-radius-top-right:0px;--awb-border-radius-bottom-right:0px;--awb-border-radius-bottom-left:0px;--awb-flex-wrap:wrap;\" ><div class=\"fusion-builder-row fusion-row fusion-flex-align-items-flex-start fusion-flex-content-wrap\" style=\"max-width:1248px;margin-left: calc(-4% \/ 2 );margin-right: calc(-4% \/ 2 );\"><div class=\"fusion-layout-column fusion_builder_column fusion-builder-column-2 fusion_builder_column_1_1 1_1 fusion-flex-column\" style=\"--awb-bg-size:cover;--awb-width-large:100%;--awb-margin-top-large:0px;--awb-spacing-right-large:1.92%;--awb-margin-bottom-large:20px;--awb-spacing-left-large:1.92%;--awb-width-medium:100%;--awb-order-medium:0;--awb-spacing-right-medium:1.92%;--awb-spacing-left-medium:1.92%;--awb-width-small:100%;--awb-order-small:0;--awb-spacing-right-small:1.92%;--awb-spacing-left-small:1.92%;\"><div class=\"fusion-column-wrapper fusion-column-has-shadow fusion-flex-justify-content-flex-start fusion-content-layout-column\"><div class=\"awb-gallery-wrapper awb-gallery-wrapper-1 button-span-no\" style=\"--more-btn-alignment:center;\"><div style=\"margin:-5px;--awb-bordersize:0px;\" class=\"fusion-gallery fusion-gallery-container fusion-grid-1 fusion-columns-total-9 fusion-gallery-layout-grid fusion-gallery-1\"><div style=\"padding:5px;\" class=\"fusion-grid-column fusion-gallery-column fusion-gallery-column-1 hover-type-none\"><div class=\"fusion-gallery-image\"><a href=\"https:\/\/www.pepperellogrup.com\/wp-content\/uploads\/2023\/07\/VIVIENDA-LLUBI-SEBASTIA-PERELLO1.jpg\" rel=\"noreferrer\" data-rel=\"iLightbox[gallery_image_1]\" class=\"fusion-lightbox\" target=\"_self\"><img decoding=\"async\" src=\"https:\/\/www.pepperellogrup.com\/wp-content\/uploads\/2023\/07\/VIVIENDA-LLUBI-SEBASTIA-PERELLO1.jpg\" width=\"1200\" height=\"800\" alt=\"\" title=\"VIVIENDA LLUBI\u0301 SEBASTIA\u0300 PERELLO1\" aria-label=\"VIVIENDA LLUBI\u0301 SEBASTIA\u0300 PERELLO1\" class=\"img-responsive wp-image-170\" srcset=\"https:\/\/www.pepperellogrup.com\/wp-content\/uploads\/2023\/07\/VIVIENDA-LLUBI-SEBASTIA-PERELLO1-200x133.jpg 200w, https:\/\/www.pepperellogrup.com\/wp-content\/uploads\/2023\/07\/VIVIENDA-LLUBI-SEBASTIA-PERELLO1-400x267.jpg 400w, https:\/\/www.pepperellogrup.com\/wp-content\/uploads\/2023\/07\/VIVIENDA-LLUBI-SEBASTIA-PERELLO1-600x400.jpg 600w, https:\/\/www.pepperellogrup.com\/wp-content\/uploads\/2023\/07\/VIVIENDA-LLUBI-SEBASTIA-PERELLO1-800x533.jpg 800w, https:\/\/www.pepperellogrup.com\/wp-content\/uploads\/2023\/07\/VIVIENDA-LLUBI-SEBASTIA-PERELLO1.jpg 1200w\" sizes=\"(min-width: 2200px) 100vw, (min-width: 640px) 1200px, \" \/><\/a><\/div><\/div><div class=\"clearfix\"><\/div><div style=\"padding:5px;\" class=\"fusion-grid-column fusion-gallery-column fusion-gallery-column-1 hover-type-none\"><div class=\"fusion-gallery-image\"><a href=\"https:\/\/www.pepperellogrup.com\/wp-content\/uploads\/2023\/07\/VIVIENDA-LLUBI-SEBASTIA-PERELLO2.jpg\" rel=\"noreferrer\" data-rel=\"iLightbox[gallery_image_1]\" class=\"fusion-lightbox\" target=\"_self\"><img decoding=\"async\" src=\"https:\/\/www.pepperellogrup.com\/wp-content\/uploads\/2023\/07\/VIVIENDA-LLUBI-SEBASTIA-PERELLO2.jpg\" width=\"1200\" height=\"800\" alt=\"\" title=\"VIVIENDA LLUBI\u0301 SEBASTIA\u0300 PERELLO2\" aria-label=\"VIVIENDA LLUBI\u0301 SEBASTIA\u0300 PERELLO2\" class=\"img-responsive wp-image-171\" srcset=\"https:\/\/www.pepperellogrup.com\/wp-content\/uploads\/2023\/07\/VIVIENDA-LLUBI-SEBASTIA-PERELLO2-200x133.jpg 200w, https:\/\/www.pepperellogrup.com\/wp-content\/uploads\/2023\/07\/VIVIENDA-LLUBI-SEBASTIA-PERELLO2-400x267.jpg 400w, https:\/\/www.pepperellogrup.com\/wp-content\/uploads\/2023\/07\/VIVIENDA-LLUBI-SEBASTIA-PERELLO2-600x400.jpg 600w, https:\/\/www.pepperellogrup.com\/wp-content\/uploads\/2023\/07\/VIVIENDA-LLUBI-SEBASTIA-PERELLO2-800x533.jpg 800w, https:\/\/www.pepperellogrup.com\/wp-content\/uploads\/2023\/07\/VIVIENDA-LLUBI-SEBASTIA-PERELLO2.jpg 1200w\" sizes=\"(min-width: 2200px) 100vw, (min-width: 640px) 1200px, \" \/><\/a><\/div><\/div><div class=\"clearfix\"><\/div><div style=\"padding:5px;\" class=\"fusion-grid-column fusion-gallery-column fusion-gallery-column-1 hover-type-none\"><div class=\"fusion-gallery-image\"><a href=\"https:\/\/www.pepperellogrup.com\/wp-content\/uploads\/2023\/07\/VIVIENDA-LLUBI-SEBASTIA-PERELLO3.jpg\" rel=\"noreferrer\" data-rel=\"iLightbox[gallery_image_1]\" class=\"fusion-lightbox\" target=\"_self\"><img decoding=\"async\" src=\"https:\/\/www.pepperellogrup.com\/wp-content\/uploads\/2023\/07\/VIVIENDA-LLUBI-SEBASTIA-PERELLO3.jpg\" width=\"1200\" height=\"800\" alt=\"\" title=\"VIVIENDA LLUBI\u0301 SEBASTIA\u0300 PERELLO3\" aria-label=\"VIVIENDA LLUBI\u0301 SEBASTIA\u0300 PERELLO3\" class=\"img-responsive wp-image-172\" srcset=\"https:\/\/www.pepperellogrup.com\/wp-content\/uploads\/2023\/07\/VIVIENDA-LLUBI-SEBASTIA-PERELLO3-200x133.jpg 200w, https:\/\/www.pepperellogrup.com\/wp-content\/uploads\/2023\/07\/VIVIENDA-LLUBI-SEBASTIA-PERELLO3-400x267.jpg 400w, https:\/\/www.pepperellogrup.com\/wp-content\/uploads\/2023\/07\/VIVIENDA-LLUBI-SEBASTIA-PERELLO3-600x400.jpg 600w, https:\/\/www.pepperellogrup.com\/wp-content\/uploads\/2023\/07\/VIVIENDA-LLUBI-SEBASTIA-PERELLO3-800x533.jpg 800w, https:\/\/www.pepperellogrup.com\/wp-content\/uploads\/2023\/07\/VIVIENDA-LLUBI-SEBASTIA-PERELLO3.jpg 1200w\" sizes=\"(min-width: 2200px) 100vw, (min-width: 640px) 1200px, \" \/><\/a><\/div><\/div><div class=\"clearfix\"><\/div><div style=\"padding:5px;\" class=\"fusion-grid-column fusion-gallery-column fusion-gallery-column-1 hover-type-none\"><div class=\"fusion-gallery-image\"><a href=\"https:\/\/www.pepperellogrup.com\/wp-content\/uploads\/2023\/07\/VIVIENDA-LLUBI-SEBASTIA-PERELLO4.jpg\" rel=\"noreferrer\" data-rel=\"iLightbox[gallery_image_1]\" class=\"fusion-lightbox\" target=\"_self\"><img decoding=\"async\" src=\"https:\/\/www.pepperellogrup.com\/wp-content\/uploads\/2023\/07\/VIVIENDA-LLUBI-SEBASTIA-PERELLO4.jpg\" width=\"1200\" height=\"800\" alt=\"\" title=\"VIVIENDA LLUBI\u0301 SEBASTIA\u0300 PERELLO4\" aria-label=\"VIVIENDA LLUBI\u0301 SEBASTIA\u0300 PERELLO4\" class=\"img-responsive wp-image-173\" srcset=\"https:\/\/www.pepperellogrup.com\/wp-content\/uploads\/2023\/07\/VIVIENDA-LLUBI-SEBASTIA-PERELLO4-200x133.jpg 200w, https:\/\/www.pepperellogrup.com\/wp-content\/uploads\/2023\/07\/VIVIENDA-LLUBI-SEBASTIA-PERELLO4-400x267.jpg 400w, https:\/\/www.pepperellogrup.com\/wp-content\/uploads\/2023\/07\/VIVIENDA-LLUBI-SEBASTIA-PERELLO4-600x400.jpg 600w, https:\/\/www.pepperellogrup.com\/wp-content\/uploads\/2023\/07\/VIVIENDA-LLUBI-SEBASTIA-PERELLO4-800x533.jpg 800w, https:\/\/www.pepperellogrup.com\/wp-content\/uploads\/2023\/07\/VIVIENDA-LLUBI-SEBASTIA-PERELLO4.jpg 1200w\" sizes=\"(min-width: 2200px) 100vw, (min-width: 640px) 1200px, \" \/><\/a><\/div><\/div><div class=\"clearfix\"><\/div><div style=\"padding:5px;\" class=\"fusion-grid-column fusion-gallery-column fusion-gallery-column-1 hover-type-none\"><div class=\"fusion-gallery-image\"><a href=\"https:\/\/www.pepperellogrup.com\/wp-content\/uploads\/2023\/07\/VIVIENDA-LLUBI-SEBASTIA-PERELLO5.jpg\" rel=\"noreferrer\" data-rel=\"iLightbox[gallery_image_1]\" class=\"fusion-lightbox\" target=\"_self\"><img decoding=\"async\" src=\"https:\/\/www.pepperellogrup.com\/wp-content\/uploads\/2023\/07\/VIVIENDA-LLUBI-SEBASTIA-PERELLO5.jpg\" width=\"1200\" height=\"800\" alt=\"\" title=\"VIVIENDA LLUBI\u0301 SEBASTIA\u0300 PERELLO5\" aria-label=\"VIVIENDA LLUBI\u0301 SEBASTIA\u0300 PERELLO5\" class=\"img-responsive wp-image-174\" srcset=\"https:\/\/www.pepperellogrup.com\/wp-content\/uploads\/2023\/07\/VIVIENDA-LLUBI-SEBASTIA-PERELLO5-200x133.jpg 200w, https:\/\/www.pepperellogrup.com\/wp-content\/uploads\/2023\/07\/VIVIENDA-LLUBI-SEBASTIA-PERELLO5-400x267.jpg 400w, https:\/\/www.pepperellogrup.com\/wp-content\/uploads\/2023\/07\/VIVIENDA-LLUBI-SEBASTIA-PERELLO5-600x400.jpg 600w, https:\/\/www.pepperellogrup.com\/wp-content\/uploads\/2023\/07\/VIVIENDA-LLUBI-SEBASTIA-PERELLO5-800x533.jpg 800w, https:\/\/www.pepperellogrup.com\/wp-content\/uploads\/2023\/07\/VIVIENDA-LLUBI-SEBASTIA-PERELLO5.jpg 1200w\" sizes=\"(min-width: 2200px) 100vw, (min-width: 640px) 1200px, \" \/><\/a><\/div><\/div><div class=\"clearfix\"><\/div><div style=\"padding:5px;\" class=\"fusion-grid-column fusion-gallery-column fusion-gallery-column-1 hover-type-none\"><div class=\"fusion-gallery-image\"><a href=\"https:\/\/www.pepperellogrup.com\/wp-content\/uploads\/2023\/07\/VIVIENDA-LLUBI-SEBASTIA-PERELLO6.jpg\" rel=\"noreferrer\" data-rel=\"iLightbox[gallery_image_1]\" class=\"fusion-lightbox\" target=\"_self\"><img decoding=\"async\" src=\"https:\/\/www.pepperellogrup.com\/wp-content\/uploads\/2023\/07\/VIVIENDA-LLUBI-SEBASTIA-PERELLO6.jpg\" width=\"1200\" height=\"800\" alt=\"\" title=\"VIVIENDA LLUBI\u0301 SEBASTIA\u0300 PERELLO6\" aria-label=\"VIVIENDA LLUBI\u0301 SEBASTIA\u0300 PERELLO6\" class=\"img-responsive wp-image-175\" srcset=\"https:\/\/www.pepperellogrup.com\/wp-content\/uploads\/2023\/07\/VIVIENDA-LLUBI-SEBASTIA-PERELLO6-200x133.jpg 200w, https:\/\/www.pepperellogrup.com\/wp-content\/uploads\/2023\/07\/VIVIENDA-LLUBI-SEBASTIA-PERELLO6-400x267.jpg 400w, https:\/\/www.pepperellogrup.com\/wp-content\/uploads\/2023\/07\/VIVIENDA-LLUBI-SEBASTIA-PERELLO6-600x400.jpg 600w, https:\/\/www.pepperellogrup.com\/wp-content\/uploads\/2023\/07\/VIVIENDA-LLUBI-SEBASTIA-PERELLO6-800x533.jpg 800w, https:\/\/www.pepperellogrup.com\/wp-content\/uploads\/2023\/07\/VIVIENDA-LLUBI-SEBASTIA-PERELLO6.jpg 1200w\" sizes=\"(min-width: 2200px) 100vw, (min-width: 640px) 1200px, \" \/><\/a><\/div><\/div><div class=\"clearfix\"><\/div><div style=\"padding:5px;\" class=\"fusion-grid-column fusion-gallery-column fusion-gallery-column-1 hover-type-none\"><div class=\"fusion-gallery-image\"><a href=\"https:\/\/www.pepperellogrup.com\/wp-content\/uploads\/2023\/07\/VIVIENDA-LLUBI-SEBASTIA-PERELLO7.jpg\" rel=\"noreferrer\" data-rel=\"iLightbox[gallery_image_1]\" class=\"fusion-lightbox\" target=\"_self\"><img decoding=\"async\" src=\"https:\/\/www.pepperellogrup.com\/wp-content\/uploads\/2023\/07\/VIVIENDA-LLUBI-SEBASTIA-PERELLO7.jpg\" width=\"1200\" height=\"800\" alt=\"\" title=\"VIVIENDA LLUBI\u0301 SEBASTIA\u0300 PERELLO7\" aria-label=\"VIVIENDA LLUBI\u0301 SEBASTIA\u0300 PERELLO7\" class=\"img-responsive wp-image-176\" srcset=\"https:\/\/www.pepperellogrup.com\/wp-content\/uploads\/2023\/07\/VIVIENDA-LLUBI-SEBASTIA-PERELLO7-200x133.jpg 200w, https:\/\/www.pepperellogrup.com\/wp-content\/uploads\/2023\/07\/VIVIENDA-LLUBI-SEBASTIA-PERELLO7-400x267.jpg 400w, https:\/\/www.pepperellogrup.com\/wp-content\/uploads\/2023\/07\/VIVIENDA-LLUBI-SEBASTIA-PERELLO7-600x400.jpg 600w, https:\/\/www.pepperellogrup.com\/wp-content\/uploads\/2023\/07\/VIVIENDA-LLUBI-SEBASTIA-PERELLO7-800x533.jpg 800w, https:\/\/www.pepperellogrup.com\/wp-content\/uploads\/2023\/07\/VIVIENDA-LLUBI-SEBASTIA-PERELLO7.jpg 1200w\" sizes=\"(min-width: 2200px) 100vw, (min-width: 640px) 1200px, \" \/><\/a><\/div><\/div><div class=\"clearfix\"><\/div><div style=\"padding:5px;\" class=\"fusion-grid-column fusion-gallery-column fusion-gallery-column-1 hover-type-none\"><div class=\"fusion-gallery-image\"><a href=\"https:\/\/www.pepperellogrup.com\/wp-content\/uploads\/2023\/07\/VIVIENDA-LLUBI-SEBASTIA-PERELLO8.jpg\" rel=\"noreferrer\" data-rel=\"iLightbox[gallery_image_1]\" class=\"fusion-lightbox\" target=\"_self\"><img decoding=\"async\" src=\"https:\/\/www.pepperellogrup.com\/wp-content\/uploads\/2023\/07\/VIVIENDA-LLUBI-SEBASTIA-PERELLO8.jpg\" width=\"1200\" height=\"800\" alt=\"\" title=\"VIVIENDA LLUBI\u0301 SEBASTIA\u0300 PERELLO8\" aria-label=\"VIVIENDA LLUBI\u0301 SEBASTIA\u0300 PERELLO8\" class=\"img-responsive wp-image-177\" srcset=\"https:\/\/www.pepperellogrup.com\/wp-content\/uploads\/2023\/07\/VIVIENDA-LLUBI-SEBASTIA-PERELLO8-200x133.jpg 200w, https:\/\/www.pepperellogrup.com\/wp-content\/uploads\/2023\/07\/VIVIENDA-LLUBI-SEBASTIA-PERELLO8-400x267.jpg 400w, https:\/\/www.pepperellogrup.com\/wp-content\/uploads\/2023\/07\/VIVIENDA-LLUBI-SEBASTIA-PERELLO8-600x400.jpg 600w, https:\/\/www.pepperellogrup.com\/wp-content\/uploads\/2023\/07\/VIVIENDA-LLUBI-SEBASTIA-PERELLO8-800x533.jpg 800w, https:\/\/www.pepperellogrup.com\/wp-content\/uploads\/2023\/07\/VIVIENDA-LLUBI-SEBASTIA-PERELLO8.jpg 1200w\" sizes=\"(min-width: 2200px) 100vw, (min-width: 640px) 1200px, \" \/><\/a><\/div><\/div><div class=\"clearfix\"><\/div><div style=\"padding:5px;\" class=\"fusion-grid-column fusion-gallery-column fusion-gallery-column-1 hover-type-none\"><div class=\"fusion-gallery-image\"><a href=\"https:\/\/www.pepperellogrup.com\/wp-content\/uploads\/2023\/07\/VIVIENDA-LLUBI-SEBASTIA-PERELLO9.jpg\" rel=\"noreferrer\" data-rel=\"iLightbox[gallery_image_1]\" class=\"fusion-lightbox\" target=\"_self\"><img decoding=\"async\" src=\"https:\/\/www.pepperellogrup.com\/wp-content\/uploads\/2023\/07\/VIVIENDA-LLUBI-SEBASTIA-PERELLO9.jpg\" width=\"1200\" height=\"800\" alt=\"\" title=\"VIVIENDA LLUBI\u0301 SEBASTIA\u0300 PERELLO9\" aria-label=\"VIVIENDA LLUBI\u0301 SEBASTIA\u0300 PERELLO9\" class=\"img-responsive wp-image-178\" srcset=\"https:\/\/www.pepperellogrup.com\/wp-content\/uploads\/2023\/07\/VIVIENDA-LLUBI-SEBASTIA-PERELLO9-200x133.jpg 200w, https:\/\/www.pepperellogrup.com\/wp-content\/uploads\/2023\/07\/VIVIENDA-LLUBI-SEBASTIA-PERELLO9-400x267.jpg 400w, https:\/\/www.pepperellogrup.com\/wp-content\/uploads\/2023\/07\/VIVIENDA-LLUBI-SEBASTIA-PERELLO9-600x400.jpg 600w, https:\/\/www.pepperellogrup.com\/wp-content\/uploads\/2023\/07\/VIVIENDA-LLUBI-SEBASTIA-PERELLO9-800x533.jpg 800w, https:\/\/www.pepperellogrup.com\/wp-content\/uploads\/2023\/07\/VIVIENDA-LLUBI-SEBASTIA-PERELLO9.jpg 1200w\" sizes=\"(min-width: 2200px) 100vw, (min-width: 640px) 1200px, \" \/><\/a><\/div><\/div><div class=\"clearfix\"><\/div><\/div><\/div><\/div><\/div><\/div><\/div><\/p>\n","protected":false},"excerpt":{"rendered":"","protected":false},"author":1,"featured_media":669,"menu_order":0,"comment_status":"closed","ping_status":"closed","template":"","format":"standard","meta":{"footnotes":""},"portfolio_category":[26,25],"portfolio_skills":[],"portfolio_tags":[],"class_list":["post-1045","avada_portfolio","type-avada_portfolio","status-publish","format-standard","has-post-thumbnail","hentry","portfolio_category-highlights","portfolio_category-individuals"],"yoast_head":"<!-- This site is optimized with the Yoast SEO plugin v21.5 - https:\/\/yoast.com\/wordpress\/plugins\/seo\/ -->\n<title>HOUSING LLUB\u00cd SEBASTI\u00c0 PERELLO - Pep Perell\u00f3 Construcciones<\/title>\n<meta name=\"robots\" content=\"index, follow, max-snippet:-1, max-image-preview:large, max-video-preview:-1\" \/>\n<link rel=\"canonical\" href=\"https:\/\/www.pepperellogrup.com\/en\/proyectos\/housing-llubi-sebastia-perello\/\" \/>\n<meta property=\"og:locale\" content=\"en_US\" \/>\n<meta property=\"og:type\" content=\"article\" \/>\n<meta property=\"og:title\" content=\"HOUSING LLUB\u00cd SEBASTI\u00c0 PERELLO - Pep Perell\u00f3 Construcciones\" \/>\n<meta property=\"og:url\" content=\"https:\/\/www.pepperellogrup.com\/en\/proyectos\/housing-llubi-sebastia-perello\/\" \/>\n<meta property=\"og:site_name\" content=\"Pep Perell\u00f3 Construcciones\" \/>\n<meta property=\"article:modified_time\" content=\"2023-07-25T08:58:48+00:00\" \/>\n<meta property=\"og:image\" content=\"https:\/\/www.pepperellogrup.com\/wp-content\/uploads\/2023\/07\/VIVIENDA-LLUBI-SEBASTIA-PERELLO9.jpg\" \/>\n\t<meta property=\"og:image:width\" content=\"1200\" \/>\n\t<meta property=\"og:image:height\" content=\"800\" \/>\n\t<meta property=\"og:image:type\" content=\"image\/jpeg\" \/>\n<meta name=\"twitter:card\" content=\"summary_large_image\" \/>\n<meta name=\"twitter:label1\" content=\"Est. reading time\" \/>\n\t<meta name=\"twitter:data1\" content=\"5 minutes\" \/>\n<script type=\"application\/ld+json\" class=\"yoast-schema-graph\">{\"@context\":\"https:\/\/schema.org\",\"@graph\":[{\"@type\":\"WebPage\",\"@id\":\"https:\/\/www.pepperellogrup.com\/en\/proyectos\/housing-llubi-sebastia-perello\/\",\"url\":\"https:\/\/www.pepperellogrup.com\/en\/proyectos\/housing-llubi-sebastia-perello\/\",\"name\":\"HOUSING LLUB\u00cd SEBASTI\u00c0 PERELLO - Pep Perell\u00f3 Construcciones\",\"isPartOf\":{\"@id\":\"https:\/\/www.pepperellogrup.com\/#website\"},\"datePublished\":\"2023-07-06T10:57:39+00:00\",\"dateModified\":\"2023-07-25T08:58:48+00:00\",\"breadcrumb\":{\"@id\":\"https:\/\/www.pepperellogrup.com\/en\/proyectos\/housing-llubi-sebastia-perello\/#breadcrumb\"},\"inLanguage\":\"en-US\",\"potentialAction\":[{\"@type\":\"ReadAction\",\"target\":[\"https:\/\/www.pepperellogrup.com\/en\/proyectos\/housing-llubi-sebastia-perello\/\"]}]},{\"@type\":\"BreadcrumbList\",\"@id\":\"https:\/\/www.pepperellogrup.com\/en\/proyectos\/housing-llubi-sebastia-perello\/#breadcrumb\",\"itemListElement\":[{\"@type\":\"ListItem\",\"position\":1,\"name\":\"Portada\",\"item\":\"https:\/\/www.pepperellogrup.com\/en\/\"},{\"@type\":\"ListItem\",\"position\":2,\"name\":\"Portfolio\",\"item\":\"https:\/\/www.pepperellogrup.com\/proyectos\/\"},{\"@type\":\"ListItem\",\"position\":3,\"name\":\"HOUSING LLUB\u00cd SEBASTI\u00c0 PERELLO\"}]},{\"@type\":\"WebSite\",\"@id\":\"https:\/\/www.pepperellogrup.com\/#website\",\"url\":\"https:\/\/www.pepperellogrup.com\/\",\"name\":\"Pep Perell\u00f3 Grup\",\"description\":\"\",\"publisher\":{\"@id\":\"https:\/\/www.pepperellogrup.com\/#organization\"},\"potentialAction\":[{\"@type\":\"SearchAction\",\"target\":{\"@type\":\"EntryPoint\",\"urlTemplate\":\"https:\/\/www.pepperellogrup.com\/?s={search_term_string}\"},\"query-input\":\"required name=search_term_string\"}],\"inLanguage\":\"en-US\"},{\"@type\":\"Organization\",\"@id\":\"https:\/\/www.pepperellogrup.com\/#organization\",\"name\":\"Pep Perell\u00f3 Grup\",\"url\":\"https:\/\/www.pepperellogrup.com\/\",\"logo\":{\"@type\":\"ImageObject\",\"inLanguage\":\"en-US\",\"@id\":\"https:\/\/www.pepperellogrup.com\/#\/schema\/logo\/image\/\",\"url\":\"https:\/\/www.pepperellogrup.com\/wp-content\/uploads\/2023\/07\/logo-grup-pepperello.png\",\"contentUrl\":\"https:\/\/www.pepperellogrup.com\/wp-content\/uploads\/2023\/07\/logo-grup-pepperello.png\",\"width\":300,\"height\":105,\"caption\":\"Pep Perell\u00f3 Grup\"},\"image\":{\"@id\":\"https:\/\/www.pepperellogrup.com\/#\/schema\/logo\/image\/\"}}]}<\/script>\n<!-- \/ Yoast SEO plugin. -->","yoast_head_json":{"title":"HOUSING LLUB\u00cd SEBASTI\u00c0 PERELLO - Pep Perell\u00f3 Construcciones","robots":{"index":"index","follow":"follow","max-snippet":"max-snippet:-1","max-image-preview":"max-image-preview:large","max-video-preview":"max-video-preview:-1"},"canonical":"https:\/\/www.pepperellogrup.com\/en\/proyectos\/housing-llubi-sebastia-perello\/","og_locale":"en_US","og_type":"article","og_title":"HOUSING LLUB\u00cd SEBASTI\u00c0 PERELLO - Pep Perell\u00f3 Construcciones","og_url":"https:\/\/www.pepperellogrup.com\/en\/proyectos\/housing-llubi-sebastia-perello\/","og_site_name":"Pep Perell\u00f3 Construcciones","article_modified_time":"2023-07-25T08:58:48+00:00","og_image":[{"width":1200,"height":800,"url":"https:\/\/www.pepperellogrup.com\/wp-content\/uploads\/2023\/07\/VIVIENDA-LLUBI-SEBASTIA-PERELLO9.jpg","type":"image\/jpeg"}],"twitter_card":"summary_large_image","twitter_misc":{"Est. reading time":"5 minutes"},"schema":{"@context":"https:\/\/schema.org","@graph":[{"@type":"WebPage","@id":"https:\/\/www.pepperellogrup.com\/en\/proyectos\/housing-llubi-sebastia-perello\/","url":"https:\/\/www.pepperellogrup.com\/en\/proyectos\/housing-llubi-sebastia-perello\/","name":"HOUSING LLUB\u00cd SEBASTI\u00c0 PERELLO - Pep Perell\u00f3 Construcciones","isPartOf":{"@id":"https:\/\/www.pepperellogrup.com\/#website"},"datePublished":"2023-07-06T10:57:39+00:00","dateModified":"2023-07-25T08:58:48+00:00","breadcrumb":{"@id":"https:\/\/www.pepperellogrup.com\/en\/proyectos\/housing-llubi-sebastia-perello\/#breadcrumb"},"inLanguage":"en-US","potentialAction":[{"@type":"ReadAction","target":["https:\/\/www.pepperellogrup.com\/en\/proyectos\/housing-llubi-sebastia-perello\/"]}]},{"@type":"BreadcrumbList","@id":"https:\/\/www.pepperellogrup.com\/en\/proyectos\/housing-llubi-sebastia-perello\/#breadcrumb","itemListElement":[{"@type":"ListItem","position":1,"name":"Portada","item":"https:\/\/www.pepperellogrup.com\/en\/"},{"@type":"ListItem","position":2,"name":"Portfolio","item":"https:\/\/www.pepperellogrup.com\/proyectos\/"},{"@type":"ListItem","position":3,"name":"HOUSING LLUB\u00cd SEBASTI\u00c0 PERELLO"}]},{"@type":"WebSite","@id":"https:\/\/www.pepperellogrup.com\/#website","url":"https:\/\/www.pepperellogrup.com\/","name":"Pep Perell\u00f3 Grup","description":"","publisher":{"@id":"https:\/\/www.pepperellogrup.com\/#organization"},"potentialAction":[{"@type":"SearchAction","target":{"@type":"EntryPoint","urlTemplate":"https:\/\/www.pepperellogrup.com\/?s={search_term_string}"},"query-input":"required name=search_term_string"}],"inLanguage":"en-US"},{"@type":"Organization","@id":"https:\/\/www.pepperellogrup.com\/#organization","name":"Pep Perell\u00f3 Grup","url":"https:\/\/www.pepperellogrup.com\/","logo":{"@type":"ImageObject","inLanguage":"en-US","@id":"https:\/\/www.pepperellogrup.com\/#\/schema\/logo\/image\/","url":"https:\/\/www.pepperellogrup.com\/wp-content\/uploads\/2023\/07\/logo-grup-pepperello.png","contentUrl":"https:\/\/www.pepperellogrup.com\/wp-content\/uploads\/2023\/07\/logo-grup-pepperello.png","width":300,"height":105,"caption":"Pep Perell\u00f3 Grup"},"image":{"@id":"https:\/\/www.pepperellogrup.com\/#\/schema\/logo\/image\/"}}]}},"_links":{"self":[{"href":"https:\/\/www.pepperellogrup.com\/en\/wp-json\/wp\/v2\/avada_portfolio\/1045","targetHints":{"allow":["GET"]}}],"collection":[{"href":"https:\/\/www.pepperellogrup.com\/en\/wp-json\/wp\/v2\/avada_portfolio"}],"about":[{"href":"https:\/\/www.pepperellogrup.com\/en\/wp-json\/wp\/v2\/types\/avada_portfolio"}],"author":[{"embeddable":true,"href":"https:\/\/www.pepperellogrup.com\/en\/wp-json\/wp\/v2\/users\/1"}],"replies":[{"embeddable":true,"href":"https:\/\/www.pepperellogrup.com\/en\/wp-json\/wp\/v2\/comments?post=1045"}],"version-history":[{"count":0,"href":"https:\/\/www.pepperellogrup.com\/en\/wp-json\/wp\/v2\/avada_portfolio\/1045\/revisions"}],"wp:featuredmedia":[{"embeddable":true,"href":"https:\/\/www.pepperellogrup.com\/en\/wp-json\/wp\/v2\/media\/669"}],"wp:attachment":[{"href":"https:\/\/www.pepperellogrup.com\/en\/wp-json\/wp\/v2\/media?parent=1045"}],"wp:term":[{"taxonomy":"portfolio_category","embeddable":true,"href":"https:\/\/www.pepperellogrup.com\/en\/wp-json\/wp\/v2\/portfolio_category?post=1045"},{"taxonomy":"portfolio_skills","embeddable":true,"href":"https:\/\/www.pepperellogrup.com\/en\/wp-json\/wp\/v2\/portfolio_skills?post=1045"},{"taxonomy":"portfolio_tags","embeddable":true,"href":"https:\/\/www.pepperellogrup.com\/en\/wp-json\/wp\/v2\/portfolio_tags?post=1045"}],"curies":[{"name":"wp","href":"https:\/\/api.w.org\/{rel}","templated":true}]}}